{"id":1620,"date":"2026-04-02T17:36:08","date_gmt":"2026-04-02T15:36:08","guid":{"rendered":"https:\/\/www.edoardoalaimoagency.it\/?post_type=cliente&#038;p=1620"},"modified":"2026-04-02T17:44:24","modified_gmt":"2026-04-02T15:44:24","slug":"oecd","status":"publish","type":"cliente","link":"https:\/\/www.edoardoalaimoagency.it\/fr\/cliente\/oecd\/","title":{"rendered":"OECD"},"content":{"rendered":"<p class=\"s4\"><span class=\"s2\">\u00c0 l\u2019occasion de l<\/span><strong><span class=\"s3\">Italian<\/span><span class=\"s3\"> Design Day 2026<\/span><\/strong><span class=\"s2\">organis\u00e9 au sein de l<\/span><strong><span class=\"s3\">OECD<\/span><\/strong><span class=\"s2\"> \u00e0 Paris, <\/span><strong><span class=\"s3\">Edoardo Alaimo Agency<\/span><\/strong><span class=\"s2\"> a con\u00e7u et structur\u00e9 un \u00e9v\u00e9nement institutionnel consacr\u00e9 au r\u00f4le du design italien en tant que levier strat\u00e9gique pour l\u2019innovation durable.<\/span><\/p>\n<p class=\"s4\"><span class=\"s2\">Le projet a r\u00e9uni institutions internationales, entreprises et figures majeures du secteur, avec pour objectif de mettre en lumi\u00e8re la contribution du design aux dynamiques de comp\u00e9titivit\u00e9, d\u2019\u00e9conomie circulaire et \u00e0 l\u2019\u00e9laboration des politiques contemporaines.<\/span><\/p>\n<p class=\"s4\"><span class=\"s2\">R\u00e9alis\u00e9 en collaboration avec<\/span><strong><span class=\"s3\"> la Repr\u00e9sentation permanente de l\u2019Italie aupr\u00e8s des Organisations internationales<\/span><\/strong><span class=\"s2\">, l\u2019\u00e9v\u00e9nement a rassembl\u00e9 des acteurs de premier plan du monde institutionnel et du design, parmi lesquels <\/span><strong><span class=\"s3\">Triennale<\/span><span class=\"s3\"> di<\/span><span class=\"s3\"> Milano<\/span><\/strong><span class=\"s2\">, <\/span><strong><span class=\"s3\">Dedar<\/span><\/strong><span class=\"s2\">, marque de r\u00e9f\u00e9rence dans la production de textiles haut de gamme<\/span> <span class=\"s2\">et <\/span><strong><span class=\"s3\">Riflessi<\/span><span class=\"s2\">,<\/span><\/strong><span class=\"s2\"> marque <\/span><span class=\"s2\">embl\u00e9matique<\/span><span class=\"s2\"> du design <\/span><span class=\"s5\">Made in <\/span><span class=\"s5\">Italy<\/span><span class=\"s2\">, <\/span><span class=\"s2\">ainsi que des repr\u00e9sentants de l\u2019OCDE et de<\/span><span class=\"s2\">Italian<\/span><span class=\"s2\"> Trade Agency<\/span><span class=\"s2\"> di Parigi.<\/span><\/p>\n<p class=\"s4\"><span class=\"s2\">La rencontre a \u00e9t\u00e9 mod\u00e9r\u00e9e par <\/span><strong><span class=\"s3\">Elena <\/span><span class=\"s3\">Dallorso<\/span><\/strong><span class=\"s2\">, Senior Features Editor di <\/span><strong><span class=\"s3\">AD Italia<\/span><\/strong><span class=\"s2\">, Edizioni <\/span><span class=\"s5\">Cond\u00e8<\/span> <span class=\"s5\">Nast<\/span><span class=\"s2\">.<\/span><\/p>\n<p class=\"s4\"><span class=\"s2\">L\u2019Agence a assur\u00e9 la conception strat\u00e9gique et narrative de l\u2019initiative, en d\u00e9finissant son positionnement, son cadre de contenu ainsi que la structuration du dialogue entre les diff\u00e9rents acteurs impliqu\u00e9s.<\/span><\/p>\n<p class=\"s4\"><span class=\"s2\">Un projet qui incarne l\u2019approche de <\/span><strong><span class=\"s3\">Edoardo Alaimo Agency<\/span><\/strong><span class=\"s2\">: faire de la communication un v\u00e9ritable outil de connexion entre vision, contenu et contexte institutionnel.<\/span><\/p>","protected":false},"featured_media":0,"template":"","categories":[16],"class_list":["post-1620","cliente","type-cliente","status-publish","hentry","category-event"],"blocksy_meta":[],"acf":[],"_links":{"self":[{"href":"https:\/\/www.edoardoalaimoagency.it\/fr\/wp-json\/wp\/v2\/cliente\/1620","targetHints":{"allow":["GET"]}}],"collection":[{"href":"https:\/\/www.edoardoalaimoagency.it\/fr\/wp-json\/wp\/v2\/cliente"}],"about":[{"href":"https:\/\/www.edoardoalaimoagency.it\/fr\/wp-json\/wp\/v2\/types\/cliente"}],"wp:attachment":[{"href":"https:\/\/www.edoardoalaimoagency.it\/fr\/wp-json\/wp\/v2\/media?parent=1620"}],"wp:term":[{"taxonomy":"category","embeddable":true,"href":"https:\/\/www.edoardoalaimoagency.it\/fr\/wp-json\/wp\/v2\/categories?post=1620"}],"curies":[{"name":"wp","href":"https:\/\/api.w.org\/{rel}","templated":true}]}}